{"id":15055,"date":"2023-08-02T14:48:30","date_gmt":"2023-08-02T14:48:30","guid":{"rendered":"https:\/\/www.lcavanti.cl\/?page_id=15055"},"modified":"2025-09-16T18:06:02","modified_gmt":"2025-09-16T18:06:02","slug":"quienes-somos","status":"publish","type":"page","link":"https:\/\/www.lcavanti.cl\/index.php\/quienes-somos\/","title":{"rendered":"Quienes Somos"},"content":{"rendered":"<div class=\"wpb-content-wrapper\"><p>[vc_row full_width=\u00bbstretch_row\u00bb full_height=\u00bbyes\u00bb equal_height=\u00bbyes\u00bb bg_type=\u00bbbg_color\u00bb bg_override=\u00bbex-full\u00bb bg_color_value=\u00bb#23262d\u00bb css=\u00bb.vc_custom_1757974817327{padding-top: 50px !important;padding-bottom: 50px !important;}\u00bb][vc_column][vc_custom_heading text=\u00bbDesde mi esencia\u00bb font_container=\u00bbtag:h2|font_size:42|text_align:center|color:%23ffffff\u00bb google_fonts=\u00bbfont_family:Dancing%20Script%3Aregular%2C700|font_style:700%20bold%20regular%3A700%3Anormal\u00bb css=\u00bb.vc_custom_1758043636776{padding-bottom: 40px !important;}\u00bb][vc_row_inner content_placement=\u00bbmiddle\u00bb][vc_column_inner width=\u00bb1\/2&#8243;]<style type=\"text\/css\" data-type=\"the7_shortcodes-inline-css\">.shortcode-single-image-wrap.shortcode-single-image-7b2e5f98f0334c01c267263586d39142.enable-bg-rollover .rollover i,\n.shortcode-single-image-wrap.shortcode-single-image-7b2e5f98f0334c01c267263586d39142.enable-bg-rollover .rollover-video i {\n  background: -webkit-linear-gradient();\n  background: linear-gradient();\n}\n.shortcode-single-image-wrap.shortcode-single-image-7b2e5f98f0334c01c267263586d39142 .rollover-icon {\n  font-size: 32px;\n  color: #ffffff;\n  min-width: 44px;\n  min-height: 44px;\n  line-height: 44px;\n  border-radius: 100px;\n  border-style: solid;\n  border-width: 0px;\n}\n.dt-icon-bg-on.shortcode-single-image-wrap.shortcode-single-image-7b2e5f98f0334c01c267263586d39142 .rollover-icon {\n  background: rgba(255,255,255,0.3);\n  box-shadow: none;\n}\n<\/style><div class=\"shortcode-single-image-wrap shortcode-single-image-7b2e5f98f0334c01c267263586d39142 alignnone  enable-bg-rollover dt-icon-bg-off\" style=\"margin-top:0px; margin-bottom:0px; margin-left:0px; margin-right:0px; width:800px;\"><div class=\"shortcode-single-image\"><div class=\"fancy-media-wrap  layzr-bg\" style=\"border-radius:25px;\"><img fetchpriority=\"high\" decoding=\"async\" class=\"preload-me lazy-load aspect\" src=\"data:image\/svg+xml,%3Csvg%20xmlns%3D&#39;http%3A%2F%2Fwww.w3.org%2F2000%2Fsvg&#39;%20viewBox%3D&#39;0%200%20738%201200&#39;%2F%3E\" data-src=\"https:\/\/www.lcavanti.cl\/wp-content\/uploads\/2025\/09\/DSC3129-Editar-copia-738x1200.jpg\" data-srcset=\"https:\/\/www.lcavanti.cl\/wp-content\/uploads\/2025\/09\/DSC3129-Editar-copia-738x1200.jpg 738w\" loading=\"eager\" sizes=\"(max-width: 738px) 100vw, 738px\" width=\"738\" height=\"1200\"  data-dt-location=\"https:\/\/www.lcavanti.cl\/index.php\/quienes-somos\/_dsc3129-editar-copia\/\" style=\"--ratio: 738 \/ 1200;border-radius:25px;\" alt=\"\" \/><\/div><\/div><\/div>[\/vc_column_inner][vc_column_inner width=\u00bb1\/2&#8243;][vc_column_text]<\/p>\n<p style=\"text-align: justify;\"><span style=\"color: #ffffff;\">Creo profundamente en las personas, en su capacidad de crecer, transformarse, conectar con prop\u00f3sito y construir futuros mejores.<\/span><\/p>\n<p style=\"text-align: justify;\"><span style=\"color: #ffffff;\">Esa convicci\u00f3n es el coraz\u00f3n que impulsa mi trabajo y la raz\u00f3n por la que nacieron dos espacios profundamente conectados:<\/span><\/p>\n<p style=\"text-align: justify;\"><span style=\"color: #ffffff;\">\u2728 <strong>LC Avanti Consultores \u00ae<\/strong>, donde acompa\u00f1o procesos de cambio, desarrollo y b\u00fasqueda de talento.<\/span><br \/>\n<span style=\"color: #ffffff;\">\u2728 <strong>LC Avanti Capacitaciones<\/strong>, desde donde impulsamos la formaci\u00f3n como herramienta de empoderamiento y evoluci\u00f3n.<\/span><\/p>\n<p style=\"text-align: justify;\"><span style=\"color: #ffffff;\">M\u00e1s que servicios, lo que entregamos es una forma de mirar y trabajar con el otro: desde el respeto, la cercan\u00eda, la escucha profunda y el compromiso con generar valor real.<\/span><\/p>\n<p style=\"text-align: justify;\"><span style=\"color: #ffffff;\">Nuestro quehacer se sustenta en el <strong>Modelo del Diamante de la Excelencia Organizacional<\/strong> de Antonio Kovacevic y \u00c1lvaro Reynoso, que inspira la manera en que acompa\u00f1amos a las personas y organizaciones. En particular, abrazamos el pilar de <strong>Aprendizaje Organizacional<\/strong>, que nos conecta con tres ejes fundamentales:<\/span><\/p>\n<ul style=\"text-align: justify;\">\n<li><span style=\"color: #ffffff;\"><strong>Desarrollo del capital humano para mejorar la productividad.<\/strong><\/span><\/li>\n<li><span style=\"color: #ffffff;\"><strong>Capital de informaci\u00f3n para tomar decisiones estrat\u00e9gicas.<\/strong><\/span><\/li>\n<li><span style=\"color: #ffffff;\"><strong>Cultura organizacional como motor de transformaci\u00f3n y bienestar.<\/strong><\/span><\/li>\n<\/ul>\n<p style=\"text-align: justify;\"><span style=\"color: #ffffff;\">Hoy, lo humano importa m\u00e1s que nunca.<\/span><br \/>\n<span style=\"color: #ffffff;\">Y mi prop\u00f3sito es estar ah\u00ed, donde las personas se atreven a crecer y las organizaciones deciden evolucionar.<\/span><\/p>\n<p>[\/vc_column_text][vc_single_image image=\u00bb15204&#8243; img_size=\u00bbmedium\u00bb][\/vc_column_inner][\/vc_row_inner][\/vc_column][\/vc_row][vc_row full_width=\u00bbstretch_row\u00bb equal_height=\u00bbyes\u00bb content_placement=\u00bbmiddle\u00bb bg_type=\u00bbbg_color\u00bb seperator_enable=\u00bbseperator_enable_value\u00bb seperator_type=\u00bbtriangle_svg_seperator\u00bb seperator_svg_height=\u00bb30&#8243; seperator_shape_background=\u00bb#f8f8f9&#8243; type=\u00bbvc_default\u00bb margin_top=\u00bb55&#8243; margin_bottom=\u00bb5&#8243; css=\u00bb.vc_custom_1758045797094{padding-top: 100px !important;padding-bottom: 95px !important;background-color: #ffffff !important;}\u00bb bg_color_value=\u00bb#ffffff\u00bb][vc_column css=\u00bb.vc_custom_1479031351975{padding-bottom: 65px !important;}\u00bb]<div id=\"ultimate-heading-318069f47c8506b71\" class=\"uvc-heading ult-adjust-bottom-margin ultimate-heading-318069f47c8506b71 uvc-5968 \" data-hspacer=\"no_spacer\"  data-halign=\"left\" style=\"text-align:left\"><div class=\"uvc-heading-spacer no_spacer\" style=\"top\"><\/div><div class=\"uvc-main-heading ult-responsive\"  data-ultimate-target='.uvc-heading.ultimate-heading-318069f47c8506b71 h2'  data-responsive-json-new='{\"font-size\":\"desktop:26px;\",\"line-height\":\"desktop:36px;\"}' ><h2 style=\"--font-weight:theme;margin-bottom:4px;\">Liliana Cantero Aedo.<\/h2><\/div><div class=\"uvc-sub-heading ult-responsive\"  data-ultimate-target='.uvc-heading.ultimate-heading-318069f47c8506b71 .uvc-sub-heading '  data-responsive-json-new='{\"font-size\":\"desktop:18px;\",\"line-height\":\"desktop:28px;\"}'  style=\"font-weight:normal;color:#adb0b6;margin-bottom:15px;\">Fundadora y Directora Ejecutiva de LC Avanti Consultores.<\/div><\/div>[vc_row_inner content_placement=\u00bbmiddle\u00bb][vc_column_inner width=\u00bb2\/3&#8243;][vc_column_text]<\/p>\n<p style=\"text-align: justify;\"><em><strong>\u00bfPor qu\u00e9 nace esta consultora?:<\/strong><\/em><\/p>\n<p style=\"text-align: justify;\">Me apasiona trabajar con personas, ayudar a las organizaciones a sacar la mejor versi\u00f3n de s\u00ed. Estoy 100% convencida que todos tenemos un gran tesoro que mostrar para brillar.<\/p>\n<p style=\"text-align: justify;\">Es por esta gran motivaci\u00f3n que surge LC Avanti Consultores, como un espacio donde puedes sacar lo m\u00e1ximo de tus habilidades y acompa\u00f1ar a tu organizaci\u00f3n en el crecimiento y desarrollo de la forma m\u00e1s arm\u00f3nica que beneficie a todos.<\/p>\n<p>[\/vc_column_text][\/vc_column_inner][vc_column_inner width=\u00bb1\/3&#8243;][vc_single_image image=\u00bb15221&#8243; img_size=\u00bbfull\u00bb][\/vc_column_inner][\/vc_row_inner][vc_column_text]<\/p>\n<p style=\"text-align: justify;\"><em><strong>Un poco sobre de mi:<\/strong><\/em><\/p>\n<p style=\"text-align: justify;\">Soy mam\u00e1 de dos hermosas hijas y esposa de un maravilloso hombre que son mi motor diario e inyecci\u00f3n de amor y energ\u00eda.<\/p>\n<p style=\"text-align: justify;\">De profesi\u00f3n Psic\u00f3loga, con m\u00e1s de 16 a\u00f1os de experiencia laboral en temas ligados al mundo del desarrollo organizacional en empresas productivas del sur de Chile.<\/p>\n<p style=\"text-align: justify;\">Mis especializaciones se relaciona al \u00e1mbito organizacional, soy Coach Ejecutiva, certificada por la Universidad Cat\u00f3lica de Chile, adem\u00e1s cuento con grado de MBA en Direcci\u00f3n General de Empresa de la Universidad San Sebasti\u00e1n y he desarrollado algunos diplomados en la Universidad de Chile ligados al Liderazgo,\u00a0 Management, Desarrollo de Personas y Control de Gesti\u00f3n de RRHH.<\/p>\n<p style=\"text-align: justify;\"><em>Te invito a conocer m\u00e1s de mi experiencia y juntos trabajar y acompa\u00f1arte en tus proyectos organizacionales.<\/em><\/p>\n<p>[\/vc_column_text][\/vc_column][\/vc_row]<\/p>\n<\/div>","protected":false},"excerpt":{"rendered":"<p>[vc_row full_width=\u00bbstretch_row\u00bb full_height=\u00bbyes\u00bb equal_height=\u00bbyes\u00bb bg_type=\u00bbbg_color\u00bb bg_override=\u00bbex-full\u00bb bg_color_value=\u00bb#23262d\u00bb css=\u00bb.vc_custom_1757974817327{padding-top: 50px !important;padding-bottom: 50px !important;}\u00bb][vc_column][vc_custom_heading text=\u00bbDesde mi esencia\u00bb font_container=\u00bbtag:h2|font_size:42|text_align:center|color:%23ffffff\u00bb google_fonts=\u00bbfont_family:Dancing%20Script%3Aregular%2C700|font_style:700%20bold%20regular%3A700%3Anormal\u00bb css=\u00bb.vc_custom_1758043636776{padding-bottom: 40px !important;}\u00bb][vc_row_inner content_placement=\u00bbmiddle\u00bb][vc_column_inner width=\u00bb1\/2&#8243;][\/vc_column_inner][vc_column_inner width=\u00bb1\/2&#8243;][vc_column_text] Creo profundamente en las personas, en su capacidad de crecer, transformarse, conectar con prop\u00f3sito y construir futuros mejores. Esa convicci\u00f3n es el coraz\u00f3n que impulsa mi trabajo y la raz\u00f3n por la&hellip;<\/p>\n","protected":false},"author":1,"featured_media":0,"parent":0,"menu_order":0,"comment_status":"closed","ping_status":"closed","template":"","meta":{"footnotes":""},"class_list":["post-15055","page","type-page","status-publish","hentry","description-off"],"_links":{"self":[{"href":"https:\/\/www.lcavanti.cl\/index.php\/wp-json\/wp\/v2\/pages\/15055","targetHints":{"allow":["GET"]}}],"collection":[{"href":"https:\/\/www.lcavanti.cl\/index.php\/wp-json\/wp\/v2\/pages"}],"about":[{"href":"https:\/\/www.lcavanti.cl\/index.php\/wp-json\/wp\/v2\/types\/page"}],"author":[{"embeddable":true,"href":"https:\/\/www.lcavanti.cl\/index.php\/wp-json\/wp\/v2\/users\/1"}],"replies":[{"embeddable":true,"href":"https:\/\/www.lcavanti.cl\/index.php\/wp-json\/wp\/v2\/comments?post=15055"}],"version-history":[{"count":14,"href":"https:\/\/www.lcavanti.cl\/index.php\/wp-json\/wp\/v2\/pages\/15055\/revisions"}],"predecessor-version":[{"id":15223,"href":"https:\/\/www.lcavanti.cl\/index.php\/wp-json\/wp\/v2\/pages\/15055\/revisions\/15223"}],"wp:attachment":[{"href":"https:\/\/www.lcavanti.cl\/index.php\/wp-json\/wp\/v2\/media?parent=15055"}],"curies":[{"name":"wp","href":"https:\/\/api.w.org\/{rel}","templated":true}]}}